{"id":1852,"date":"2024-07-30T10:34:33","date_gmt":"2024-07-30T10:34:33","guid":{"rendered":"https:\/\/livingmarbella.hu\/?post_type=rem_property&#038;p=1852"},"modified":"2025-08-13T14:56:17","modified_gmt":"2025-08-13T14:56:17","slug":"vl3","status":"publish","type":"rem_property","link":"https:\/\/livingmarbella.hu\/pl\/wlasnosc\/vl3\/","title":{"rendered":"VL3"},"content":{"rendered":"<p>LUKSUS WYKRACZAJ\u0104CY POZA S\u0141OWA! Ta nagradzana inwestycja, obejmuj\u0105ca 18 luksusowych willi o powierzchni 600 m\u00b2 ka\u017cda, spe\u0142niaj\u0105cych najwy\u017csze standardy, po\u0142o\u017cona jest zaledwie 15 minut od Marbelli. Z architektonicznie unikalnych willi z basenami, usytuowanych na g\u00f3rze La Concha, roztaczaj\u0105 si\u0119 pi\u0119kne widoki na Gibraltar, a nawet na Afryk\u0119. Projekt realizowany jest jako cz\u0119\u015b\u0107 kompleksowej inwestycji, dzi\u0119ki czemu nowi w\u0142a\u015bciciele mog\u0105 korzysta\u0107 z udogodnie\u0144 \u015bwiatowej klasy klubu golfowego, 500-metrowego sztucznego jeziora, pi\u0119ciogwiazdkowego hotelu butikowego, restauracji, sklep\u00f3w oraz centrum wellness i zdrowia, znajduj\u0105cych si\u0119 zaledwie kilka minut od ich dom\u00f3w.<\/p>\n<p>&nbsp;<\/p>\n<ul>\n<li>Liczba willi: 18<\/li>\n<li>Ceny od: willa o powierzchni 600 m\u00b2 z 3\u20134 sypialniami od 6 594 500 EUR*<\/li>\n<li>Odleg\u0142o\u015b\u0107 od pla\u017cy: 6 km<\/li>\n<li>Dostawa: 2. kwarta\u0142 2025 r.<\/li>\n<li>Odleg\u0142o\u015b\u0107 od lotniska w Maladze: 65 km<\/li>\n<li>Dodatki:\n<ul>\n<li>prywatna willa z basenem typu infinity<\/li>\n<li>180-stopniowa panorama od Malagi po Gibraltar<\/li>\n<li>ekskluzywna aran\u017cacja wn\u0119trz<\/li>\n<li>us\u0142ugi pi\u0119ciogwiazdkowe w pobli\u017cu<\/li>\n<\/ul>\n<\/li>\n<\/ul>\n<p>&nbsp;<\/p>\n<p>Lokalizacja:<\/p>\n<p><img fetchpriority=\"high\" decoding=\"async\" class=\"alignnone size-medium wp-image-1863\" src=\"https:\/\/livingmarbella.hu\/wp-content\/uploads\/2024\/07\/VL3t-300x184.webp\" alt=\"\" width=\"300\" height=\"184\" srcset=\"https:\/\/livingmarbella.hu\/wp-content\/uploads\/2024\/07\/VL3t-300x184.webp 300w, https:\/\/livingmarbella.hu\/wp-content\/uploads\/2024\/07\/VL3t-1024x627.webp 1024w, https:\/\/livingmarbella.hu\/wp-content\/uploads\/2024\/07\/VL3t-768x470.webp 768w, https:\/\/livingmarbella.hu\/wp-content\/uploads\/2024\/07\/VL3t.webp 1312w\" sizes=\"(max-width: 300px) 100vw, 300px\" \/><\/p>","protected":false},"excerpt":{"rendered":"<p>LUXUS A SZAVAKON T\u00daL! A legmagasabb ig\u00e9nyeket is kiel\u00e9g\u00edt\u0151 18 db, 600nm-es luxus villa\u00e9p\u00fcletet mag\u00e1ba foglal\u00f3 d\u00edjnyertes fejleszt\u00e9s Marbell\u00e1t\u00f3l mind\u00f6ssze 15 percre tal\u00e1lhat\u00f3. A La Concha hegyen tal\u00e1lhat\u00f3 \u00fasz\u00f3medenc\u00e9s, \u00e9p\u00edt\u00e9szetileg is egyedi vill\u00e1kb\u00f3l gy\u00f6ny\u00f6r\u0171 kil\u00e1t\u00e1s ny\u00edlik Gibralt\u00e1rra \u00e9s Afrik\u00e1ra is. A projekt egy komplex fejleszt\u00e9s r\u00e9szek\u00e9nt val\u00f3sul meg, melynek k\u00f6sz\u00f6nhet\u0151en az \u00faj tulajdonosok egy vil\u00e1gsz\u00ednvonal\u00fa [&hellip;]<\/p>","protected":false},"author":2,"featured_media":1858,"parent":0,"menu_order":0,"template":"","rem_property_cat":[],"class_list":["post-1852","rem_property","type-rem_property","status-publish","has-post-thumbnail","hentry","grve-entry-item"],"_links":{"self":[{"href":"https:\/\/livingmarbella.hu\/pl\/wp-json\/wp\/v2\/properties\/1852","targetHints":{"allow":["GET"]}}],"collection":[{"href":"https:\/\/livingmarbella.hu\/pl\/wp-json\/wp\/v2\/properties"}],"about":[{"href":"https:\/\/livingmarbella.hu\/pl\/wp-json\/wp\/v2\/types\/rem_property"}],"author":[{"embeddable":true,"href":"https:\/\/livingmarbella.hu\/pl\/wp-json\/wp\/v2\/users\/2"}],"wp:featuredmedia":[{"embeddable":true,"href":"https:\/\/livingmarbella.hu\/pl\/wp-json\/wp\/v2\/media\/1858"}],"wp:attachment":[{"href":"https:\/\/livingmarbella.hu\/pl\/wp-json\/wp\/v2\/media?parent=1852"}],"wp:term":[{"taxonomy":"rem_property_cat","embeddable":true,"href":"https:\/\/livingmarbella.hu\/pl\/wp-json\/wp\/v2\/rem_property_cat?post=1852"}],"curies":[{"name":"wp","href":"https:\/\/api.w.org\/{rel}","templated":true}]}}