{"id":1675,"date":"2024-07-30T08:39:32","date_gmt":"2024-07-30T08:39:32","guid":{"rendered":"https:\/\/livingmarbella.hu\/?post_type=rem_property&#038;p=1675"},"modified":"2025-08-13T14:18:17","modified_gmt":"2025-08-13T14:18:17","slug":"mgb3","status":"publish","type":"rem_property","link":"https:\/\/livingmarbella.hu\/pl\/wlasnosc\/mgb3\/","title":{"rendered":"MGB3"},"content":{"rendered":"<p>Kochaj\u0105 Pa\u0144stwo atmosfer\u0119 marin, a mo\u017ce sami \u017cegluj\u0105? To mo\u017ce by\u0107 dom Pa\u0144stwa marze\u0144. Projekt ten oferuje doskona\u0142e po\u0142\u0105czenie miejskiego stylu \u017cycia i nadmorskiego luksusu w samym sercu t\u0119tni\u0105cego \u017cyciem miasta Benalm\u00e1dena, w bezpo\u015brednim s\u0105siedztwie malowniczej mariny. Projektant\u00f3w zainspirowa\u0142a forma statku, a dzi\u0119ki swoim monumentalnym liniom ten budynek sk\u0142adaj\u0105cy si\u0119 z zaledwie 33 apartament\u00f3w sprawia wra\u017cenie, jakby by\u0142 zacumowany w porcie. Faluj\u0105ca elewacja r\u00f3wnie\u017c przywodzi na my\u015bl morze, jednocze\u015bnie architektonicznie maksymalnie wykorzystuj\u0105c \u015bwiat\u0142o i przestrze\u0144. Miejsce, w kt\u00f3rym elegancja \u0142\u0105czy si\u0119 z horyzontem.<\/p>\n<p>&nbsp;<\/p>\n<ul>\n<li>Liczba apartament\u00f3w: 33<\/li>\n<li>Ceny wywo\u0142awcze: apartament z 2-3 sypialniami od 774 400 EUR*<\/li>\n<li>Odleg\u0142o\u015b\u0107 od brzegu: 500 m<\/li>\n<li>Dostawa: 2025 Q4<\/li>\n<li>Odleg\u0142o\u015b\u0107 od lotniska w Maladze: 10 km<\/li>\n<li>Dodatki:\n<ul>\n<li>w pobli\u017cu wody<\/li>\n<li>kompleks butikowy<\/li>\n<li>basen<\/li>\n<li>centralna lokalizacja<\/li>\n<li>panorama<\/li>\n<\/ul>\n<\/li>\n<\/ul>\n<p>&nbsp;<\/p>\n<p>Lokalizacja:<\/p>\n<p><img fetchpriority=\"high\" decoding=\"async\" class=\"alignnone size-medium wp-image-1684\" src=\"https:\/\/livingmarbella.hu\/wp-content\/uploads\/2024\/07\/MGB3t-300x182.webp\" alt=\"\" width=\"300\" height=\"182\" srcset=\"https:\/\/livingmarbella.hu\/wp-content\/uploads\/2024\/07\/MGB3t-300x182.webp 300w, https:\/\/livingmarbella.hu\/wp-content\/uploads\/2024\/07\/MGB3t-1024x622.webp 1024w, https:\/\/livingmarbella.hu\/wp-content\/uploads\/2024\/07\/MGB3t-768x466.webp 768w, https:\/\/livingmarbella.hu\/wp-content\/uploads\/2024\/07\/MGB3t.webp 1283w\" sizes=\"(max-width: 300px) 100vw, 300px\" \/><\/p>","protected":false},"excerpt":{"rendered":"<p>Im\u00e1dja a kik\u00f6t\u0151k hangulat\u00e1t, esetleg haj\u00f3zik is? Ez lehet \u00e1lmai otthona! Ez a projekt t\u00f6k\u00e9letes elegy\u00e9t k\u00edn\u00e1lja a v\u00e1rosi \u00e9letnek \u00e9s a tengerparti luxusnak egy ny\u00fczsg\u0151 v\u00e1ros, Benalmadena k\u00f6zep\u00e9n, a fest\u0151i kik\u00f6t\u0151 szomsz\u00e9ds\u00e1g\u00e1ban. A tervez\u0151ket egy haj\u00f3 form\u00e1ja ihlette, grandi\u00f3zus vonalaival mintha csak a kik\u00f6t\u0151ben horgonyozna ez a mind\u00f6ssze 33 lak\u00e1sos \u00e9p\u00fclet. A hull\u00e1mz\u00f3 homlokzat [&hellip;]<\/p>","protected":false},"author":2,"featured_media":1683,"parent":0,"menu_order":0,"template":"","rem_property_cat":[],"class_list":["post-1675","rem_property","type-rem_property","status-publish","has-post-thumbnail","hentry","grve-entry-item"],"_links":{"self":[{"href":"https:\/\/livingmarbella.hu\/pl\/wp-json\/wp\/v2\/properties\/1675","targetHints":{"allow":["GET"]}}],"collection":[{"href":"https:\/\/livingmarbella.hu\/pl\/wp-json\/wp\/v2\/properties"}],"about":[{"href":"https:\/\/livingmarbella.hu\/pl\/wp-json\/wp\/v2\/types\/rem_property"}],"author":[{"embeddable":true,"href":"https:\/\/livingmarbella.hu\/pl\/wp-json\/wp\/v2\/users\/2"}],"wp:featuredmedia":[{"embeddable":true,"href":"https:\/\/livingmarbella.hu\/pl\/wp-json\/wp\/v2\/media\/1683"}],"wp:attachment":[{"href":"https:\/\/livingmarbella.hu\/pl\/wp-json\/wp\/v2\/media?parent=1675"}],"wp:term":[{"taxonomy":"rem_property_cat","embeddable":true,"href":"https:\/\/livingmarbella.hu\/pl\/wp-json\/wp\/v2\/rem_property_cat?post=1675"}],"curies":[{"name":"wp","href":"https:\/\/api.w.org\/{rel}","templated":true}]}}