{"id":1316,"date":"2024-07-22T06:12:14","date_gmt":"2024-07-22T06:12:14","guid":{"rendered":"https:\/\/livingmarbella.hu\/?post_type=rem_property&#038;p=1316"},"modified":"2025-08-13T13:30:51","modified_gmt":"2025-08-13T13:30:51","slug":"eh4","status":"publish","type":"rem_property","link":"https:\/\/livingmarbella.hu\/pl\/wlasnosc\/eh4\/","title":{"rendered":"EH4"},"content":{"rendered":"<p>Kompleks dom\u00f3w szeregowych z 3 i 4 sypialniami, po\u0142o\u017cony na spokojnym, zamkni\u0119tym terenie pomi\u0119dzy Fuengirol\u0105 a La Cala de Mijas. Otoczenie z dojrza\u0142\u0105 ro\u015blinno\u015bci\u0105 i starymi drzewami nale\u017c\u0105ce do klubu golfowego El Chaparral samo w sobie jest zachwycaj\u0105ce, a wsp\u00f3\u0142czesna, funkcjonalna forma architektoniczna dom\u00f3w doskonale wpisuje si\u0119 w ten klimat.<br \/>\nS\u0105siaduj\u0105ce ekskluzywne centrum sportowo-rekreacyjne jest dost\u0119pne wy\u0142\u0105cznie dla mieszka\u0144c\u00f3w i oferuje basen, stref\u0119 wellness, boisko sportowe oraz si\u0142owni\u0119, zapewniaj\u0105c komfort u\u017cytkowania. Je\u015bli natomiast maj\u0105 Pa\u0144stwo ochot\u0119 na bardziej t\u0119tni\u0105ce \u017cyciem otoczenie, dynamiczne miasta Fuengirola oraz La Cala de Mijas znajduj\u0105 si\u0119 zaledwie kilka minut jazdy samochodem.<\/p>\n<p>&nbsp;<\/p>\n<ul>\n<li>Liczba apartament\u00f3w: 80<\/li>\n<li>Ceny wywo\u0142awcze: apartament z 3-4 sypialniami od 783 300 EUR*<\/li>\n<li>Odleg\u0142o\u015b\u0107 od pla\u017cy: 900 m<\/li>\n<li>Dostawa: III kwarta\u0142 2024 r.<\/li>\n<li>Odleg\u0142o\u015b\u0107 od lotniska w Maladze: 32 km<\/li>\n<li>Dodatki:\n<ul>\n<li>w pobli\u017cu wody<\/li>\n<li>basen<\/li>\n<li>si\u0142ownia<\/li>\n<li>spa<\/li>\n<li>przestrze\u0144 spo\u0142eczna<\/li>\n<li>panorama morska<\/li>\n<\/ul>\n<\/li>\n<\/ul>\n<p>&nbsp;<\/p>\n<p>Lokalizacja:<\/p>\n<p><img fetchpriority=\"high\" decoding=\"async\" class=\"alignnone size-medium wp-image-2042\" src=\"https:\/\/livingmarbella.hu\/wp-content\/uploads\/2024\/10\/EH4t-300x213.webp\" alt=\"\" width=\"300\" height=\"213\" srcset=\"https:\/\/livingmarbella.hu\/wp-content\/uploads\/2024\/10\/EH4t-300x213.webp 300w, https:\/\/livingmarbella.hu\/wp-content\/uploads\/2024\/10\/EH4t-1024x727.webp 1024w, https:\/\/livingmarbella.hu\/wp-content\/uploads\/2024\/10\/EH4t-768x545.webp 768w, https:\/\/livingmarbella.hu\/wp-content\/uploads\/2024\/10\/EH4t.webp 1080w\" sizes=\"(max-width: 300px) 100vw, 300px\" \/><\/p>","protected":false},"excerpt":{"rendered":"<p>Nyugodt, z\u00e1rt ter\u00fcleten kialak\u00edtott, 3-4 h\u00e1l\u00f3szob\u00e1s sorh\u00e1zakb\u00f3l \u00e1ll\u00f3 komplexum Fuengirola \u00e9s La Cala de Mijas k\u00f6z\u00f6tt. Az El Chaparral golfklub \u0151sf\u00e1s k\u00f6rnyezete m\u00e1r \u00f6nmag\u00e1ban csod\u00e1s, a h\u00e1zak kort\u00e1rs, funkcion\u00e1lis formavil\u00e1ga pedig t\u00f6k\u00e9letesen illeszkedik ebbe a mili\u0151be. A szomsz\u00e9dos exkluz\u00edv sport- \u00e9s szabadid\u0151 k\u00f6zpont csak a lak\u00f3k sz\u00e1m\u00e1ra el\u00e9rhet\u0151, ahol medence, wellness r\u00e9szleg, sportp\u00e1lya \u00e9s edz\u0151terem [&hellip;]<\/p>","protected":false},"author":2,"featured_media":1323,"parent":0,"menu_order":0,"template":"","rem_property_cat":[],"class_list":["post-1316","rem_property","type-rem_property","status-publish","has-post-thumbnail","hentry","grve-entry-item"],"_links":{"self":[{"href":"https:\/\/livingmarbella.hu\/pl\/wp-json\/wp\/v2\/properties\/1316","targetHints":{"allow":["GET"]}}],"collection":[{"href":"https:\/\/livingmarbella.hu\/pl\/wp-json\/wp\/v2\/properties"}],"about":[{"href":"https:\/\/livingmarbella.hu\/pl\/wp-json\/wp\/v2\/types\/rem_property"}],"author":[{"embeddable":true,"href":"https:\/\/livingmarbella.hu\/pl\/wp-json\/wp\/v2\/users\/2"}],"wp:featuredmedia":[{"embeddable":true,"href":"https:\/\/livingmarbella.hu\/pl\/wp-json\/wp\/v2\/media\/1323"}],"wp:attachment":[{"href":"https:\/\/livingmarbella.hu\/pl\/wp-json\/wp\/v2\/media?parent=1316"}],"wp:term":[{"taxonomy":"rem_property_cat","embeddable":true,"href":"https:\/\/livingmarbella.hu\/pl\/wp-json\/wp\/v2\/rem_property_cat?post=1316"}],"curies":[{"name":"wp","href":"https:\/\/api.w.org\/{rel}","templated":true}]}}