{"id":1222,"date":"2024-06-05T07:10:37","date_gmt":"2024-06-05T07:10:37","guid":{"rendered":"https:\/\/livingmarbella.hu\/?page_id=1222"},"modified":"2024-06-05T07:10:37","modified_gmt":"2024-06-05T07:10:37","slug":"all-listings-test","status":"publish","type":"page","link":"https:\/\/livingmarbella.hu\/pl\/all-listings-test\/","title":{"rendered":"Wszystkie oferty TEST"},"content":{"rendered":"<div\n\t\tclass=\"ich-settings-main-wrap rem-listings-wrap-ajax-disable  rem-flex-layout\"\n\t \tdata-lstyle=\"1\"\n\t \tdata-cols=\"col-sm-12 m-item\"\n\t \tdata-paged=\"1\"\n\t \tdata-total=\"9\"\n\t>\n\n\n\t<form method=\"GET\" action=\"#\" data-trp-original-action=\"#\">\n\t<div class=\"row rem-topbar\">\n\t\t<div class=\"col-sm-3 col-xs-8\">\n\t\t\t<input type=\"hidden\" name=\"list_style\" value=\"\">\n\t\t\t<select class=\"form-control\" name=\"sort_by\" onchange=\"this.form.submit()\">\n\t\t\t\t\t\t\t\t\t\t<option  value=\"date-desc\">Sortuj wed\u0142ug daty<\/option>\n\t\t\t\t\t\t\t\t\t\t\t<option  value=\"title-asc\">Sort By Title<\/option>\n\t\t\t\t\t\t\t\t\t\t\t<option  value=\"price-desc\">Sort By Price : High to Low<\/option>\n\t\t\t\t\t\t\t\t\t\t\t<option  value=\"price-asc\">Sort By Price : Low to High<\/option>\n\t\t\t\t\t\t\t\t<\/select>\n\t\t\t\t\t<\/div>\n\t\t<div class=\"col-sm-6 hidden-xs\"><\/div>\n\t\t<div class=\"col-sm-3 col-xs-4 text-right\">\n\t\t  <a href=\"\/pl\/wp-json\/wp\/v2\/pages\/1222?list_style=list\" class=\"rem-topbar-btn list-view active\">\n\t\t\t<span class=\"fa fa-bars\"><\/span>\n\t\t  <\/a>\n\t\t  <a href=\"\/pl\/wp-json\/wp\/v2\/pages\/1222?list_style=grid\" class=\"rem-topbar-btn grid-view\">\n\t\t\t<span class=\"fa fa-th\"><\/span>\n\t\t  <\/a>\t\t\t\n\t\t<\/div>\n\t<\/div>\n<input type=\"hidden\" name=\"trp-form-language\" value=\"pl\"\/><\/form>\t\n\t<div class=\"row\"><div id=\"property-1303\"  class=\"col-sm-12 m-item post-1303 rem_property type-rem_property status-publish has-post-thumbnail hentry grve-entry-item\"><div class=\"rem-style-1 rem-property-box\">\n    <div class=\"img-container\">\n        <a target=\"\" href=\"https:\/\/livingmarbella.hu\/pl\/wlasnosc\/d3\/\">\n                                    <span class=\"address-text\">\n                <i class=\"fa fa-map-marker-alt\"><\/i>\n                            <\/span>\n            <span class=\"images-text\">\n                <i class=\"fa fa-camera\"><\/i>\n                3            <\/span>\n            <img fetchpriority=\"high\" decoding=\"async\" width=\"1280\" height=\"640\" src=\"https:\/\/livingmarbella.hu\/wp-content\/uploads\/2024\/07\/00-pool.webp\" class=\"img-responsive rem-f-image wp-post-image\" alt=\"\" data-pid=\"1303\" srcset=\"https:\/\/livingmarbella.hu\/wp-content\/uploads\/2024\/07\/00-pool.webp 1280w, https:\/\/livingmarbella.hu\/wp-content\/uploads\/2024\/07\/00-pool-300x150.webp 300w, https:\/\/livingmarbella.hu\/wp-content\/uploads\/2024\/07\/00-pool-1024x512.webp 1024w, https:\/\/livingmarbella.hu\/wp-content\/uploads\/2024\/07\/00-pool-768x384.webp 768w\" sizes=\"(max-width: 1280px) 100vw, 1280px\" \/>        <\/a>\n    <\/div>\n\n    <div class=\"content-container\">\n        <a target=\"\" href=\"https:\/\/livingmarbella.hu\/pl\/wlasnosc\/d3\/\">\n            <h2 class=\"property-title\">D3<\/h2> \n        <\/a>\n        <p class=\"property-price\">\n                           <span class=\"price\"><span class=\"rem-price-amount\"><span class=\"rem-currency-symbol\">\u20ac<\/span>2,640,000.00<\/span><\/span> \n                        \n        <\/p>\n        <p class=\"property-excerpt\">\n            A D3 egy gy\u00f6ny\u00f6r\u0171 fejleszt\u00e9s Marbell\u00e1ban \u00e9s az egyik utols\u00f3&hellip;        <\/p>\n\n                    <div class=\"detail inline-property-icons\">\n                                                                                                                                <span title=\"Pokoje\" class=\"rem-info\">\n                                    <i class=\"fa fa-bed\"><\/i> &nbsp;\n                                    2-4                                <\/span>\n                                                                                                                                                                            <\/div>\n        \n        <div class=\"content-footer\">\n            <div class=\"agent-info\">\n                <img decoding=\"async\" src=\"https:\/\/livingmarbella.hu\/wp-content\/uploads\/2024\/06\/UDVARNOKI_VIKTORIA_24_03_15650-1-1.webp\"><a target=\"\" href=\"https:\/\/livingmarbella.hu\/pl\/author\/viki\/?property_id=1303\"><span class=\"agent-name\">Skontaktuj si\u0119 z nami, aby uzyska\u0107 plany pi\u0119ter i wi\u0119cej szczeg\u00f3\u0142\u00f3w!<\/span><\/a>            <\/div>\n            <div class=\"icons-wrap\">\n                                <ul>\n                    <li>\n                        <a title=\"Szczeg\u00f3\u0142y\" target=\"\" href=\"https:\/\/livingmarbella.hu\/pl\/wlasnosc\/d3\/\">\n                            <i class=\"fa fa-share\"><\/i>\n                        <\/a>\n                    <\/li>\n                                                        <\/ul>\n                        <\/div>\n            <div class=\"clearfix\"><\/div>\n        <\/div>\n    <\/div>\n    <div class=\"clearfix\"><\/div>\n<\/div><\/div><div id=\"property-1316\"  class=\"col-sm-12 m-item post-1316 rem_property type-rem_property status-publish has-post-thumbnail hentry grve-entry-item\"><div class=\"rem-style-1 rem-property-box\">\n    <div class=\"img-container\">\n        <a target=\"\" href=\"https:\/\/livingmarbella.hu\/pl\/wlasnosc\/eh4\/\">\n                                    <span class=\"address-text\">\n                <i class=\"fa fa-map-marker-alt\"><\/i>\n                            <\/span>\n            <span class=\"images-text\">\n                <i class=\"fa fa-camera\"><\/i>\n                4            <\/span>\n            <img decoding=\"async\" width=\"1920\" height=\"1281\" src=\"https:\/\/livingmarbella.hu\/wp-content\/uploads\/2024\/07\/EVE_001.webp\" class=\"img-responsive rem-f-image wp-post-image\" alt=\"\" data-pid=\"1316\" srcset=\"https:\/\/livingmarbella.hu\/wp-content\/uploads\/2024\/07\/EVE_001.webp 1920w, https:\/\/livingmarbella.hu\/wp-content\/uploads\/2024\/07\/EVE_001-300x200.webp 300w, https:\/\/livingmarbella.hu\/wp-content\/uploads\/2024\/07\/EVE_001-1024x683.webp 1024w, https:\/\/livingmarbella.hu\/wp-content\/uploads\/2024\/07\/EVE_001-768x512.webp 768w, https:\/\/livingmarbella.hu\/wp-content\/uploads\/2024\/07\/EVE_001-1536x1025.webp 1536w\" sizes=\"(max-width: 1920px) 100vw, 1920px\" \/>        <\/a>\n    <\/div>\n\n    <div class=\"content-container\">\n        <a target=\"\" href=\"https:\/\/livingmarbella.hu\/pl\/wlasnosc\/eh4\/\">\n            <h2 class=\"property-title\">EH4<\/h2> \n        <\/a>\n        <p class=\"property-price\">\n                           <span class=\"price\"><span class=\"rem-price-amount\"><span class=\"rem-currency-symbol\">\u20ac<\/span>784,300.00<\/span><\/span> \n                        \n        <\/p>\n        <p class=\"property-excerpt\">\n            Nyugodt, z\u00e1rt ter\u00fcleten kialak\u00edtott, 3-4 h\u00e1l\u00f3szob\u00e1s sorh\u00e1zakb\u00f3l \u00e1ll\u00f3 komplexum Fuengirola&hellip;        <\/p>\n\n                    <div class=\"detail inline-property-icons\">\n                                                                                                                                <span title=\"Pokoje\" class=\"rem-info\">\n                                    <i class=\"fa fa-bed\"><\/i> &nbsp;\n                                    3-4                                <\/span>\n                                                                                                                                                                            <\/div>\n        \n        <div class=\"content-footer\">\n            <div class=\"agent-info\">\n                <img decoding=\"async\" src=\"https:\/\/livingmarbella.hu\/wp-content\/uploads\/2024\/06\/UDVARNOKI_VIKTORIA_24_03_15650-1-1.webp\"><a target=\"\" href=\"https:\/\/livingmarbella.hu\/pl\/author\/viki\/?property_id=1316\"><span class=\"agent-name\">Skontaktuj si\u0119 z nami, aby uzyska\u0107 plany pi\u0119ter i wi\u0119cej szczeg\u00f3\u0142\u00f3w!<\/span><\/a>            <\/div>\n            <div class=\"icons-wrap\">\n                                <ul>\n                    <li>\n                        <a title=\"Szczeg\u00f3\u0142y\" target=\"\" href=\"https:\/\/livingmarbella.hu\/pl\/wlasnosc\/eh4\/\">\n                            <i class=\"fa fa-share\"><\/i>\n                        <\/a>\n                    <\/li>\n                                                        <\/ul>\n                        <\/div>\n            <div class=\"clearfix\"><\/div>\n        <\/div>\n    <\/div>\n    <div class=\"clearfix\"><\/div>\n<\/div><\/div><div id=\"property-1325\"  class=\"col-sm-12 m-item post-1325 rem_property type-rem_property status-publish has-post-thumbnail hentry grve-entry-item\"><div class=\"rem-style-1 rem-property-box\">\n    <div class=\"img-container\">\n        <a target=\"\" href=\"https:\/\/livingmarbella.hu\/pl\/wlasnosc\/h16\/\">\n                                    <span class=\"address-text\">\n                <i class=\"fa fa-map-marker-alt\"><\/i>\n                            <\/span>\n            <span class=\"images-text\">\n                <i class=\"fa fa-camera\"><\/i>\n                9            <\/span>\n            <img decoding=\"async\" width=\"1800\" height=\"1013\" src=\"https:\/\/livingmarbella.hu\/wp-content\/uploads\/2024\/07\/3.webp\" class=\"img-responsive rem-f-image wp-post-image\" alt=\"\" data-pid=\"1325\" srcset=\"https:\/\/livingmarbella.hu\/wp-content\/uploads\/2024\/07\/3.webp 1800w, https:\/\/livingmarbella.hu\/wp-content\/uploads\/2024\/07\/3-300x169.webp 300w, https:\/\/livingmarbella.hu\/wp-content\/uploads\/2024\/07\/3-1024x576.webp 1024w, https:\/\/livingmarbella.hu\/wp-content\/uploads\/2024\/07\/3-768x432.webp 768w, https:\/\/livingmarbella.hu\/wp-content\/uploads\/2024\/07\/3-1536x864.webp 1536w, https:\/\/livingmarbella.hu\/wp-content\/uploads\/2024\/07\/3-1390x782.webp 1390w\" sizes=\"(max-width: 1800px) 100vw, 1800px\" \/>        <\/a>\n    <\/div>\n\n    <div class=\"content-container\">\n        <a target=\"\" href=\"https:\/\/livingmarbella.hu\/pl\/wlasnosc\/h16\/\">\n            <h2 class=\"property-title\">H16<\/h2> \n        <\/a>\n        <p class=\"property-price\">\n                           <span class=\"price\"><span class=\"rem-price-amount\"><span class=\"rem-currency-symbol\">\u20ac<\/span>1,309,000.00<\/span><\/span> \n                        \n        <\/p>\n        <p class=\"property-excerpt\">\n            A Sierra de Mijas-hegys\u00e9g l\u00e1b\u00e1n\u00e1l elhelyezked\u0151 exkluz\u00edv projekt, mely \u00e9p\u00edt\u00e9szeti&hellip;        <\/p>\n\n                    <div class=\"detail inline-property-icons\">\n                                                                                                                                <span title=\"Pokoje\" class=\"rem-info\">\n                                    <i class=\"fa fa-bed\"><\/i> &nbsp;\n                                    3                                <\/span>\n                                                                                                                                                                            <\/div>\n        \n        <div class=\"content-footer\">\n            <div class=\"agent-info\">\n                <img decoding=\"async\" src=\"https:\/\/livingmarbella.hu\/wp-content\/uploads\/2024\/06\/UDVARNOKI_VIKTORIA_24_03_15650-1-1.webp\"><a target=\"\" href=\"https:\/\/livingmarbella.hu\/pl\/author\/viki\/?property_id=1325\"><span class=\"agent-name\">Skontaktuj si\u0119 z nami, aby uzyska\u0107 plany pi\u0119ter i wi\u0119cej szczeg\u00f3\u0142\u00f3w!<\/span><\/a>            <\/div>\n            <div class=\"icons-wrap\">\n                                <ul>\n                    <li>\n                        <a title=\"Szczeg\u00f3\u0142y\" target=\"\" href=\"https:\/\/livingmarbella.hu\/pl\/wlasnosc\/h16\/\">\n                            <i class=\"fa fa-share\"><\/i>\n                        <\/a>\n                    <\/li>\n                                                        <\/ul>\n                        <\/div>\n            <div class=\"clearfix\"><\/div>\n        <\/div>\n    <\/div>\n    <div class=\"clearfix\"><\/div>\n<\/div><\/div><div id=\"property-1339\"  class=\"col-sm-12 m-item post-1339 rem_property type-rem_property status-publish has-post-thumbnail hentry grve-entry-item\"><div class=\"rem-style-1 rem-property-box\">\n    <div class=\"img-container\">\n        <a target=\"\" href=\"https:\/\/livingmarbella.hu\/pl\/wlasnosc\/hn3\/\">\n                                    <span class=\"address-text\">\n                <i class=\"fa fa-map-marker-alt\"><\/i>\n                            <\/span>\n            <span class=\"images-text\">\n                <i class=\"fa fa-camera\"><\/i>\n                10            <\/span>\n            <img loading=\"lazy\" decoding=\"async\" width=\"1920\" height=\"1080\" src=\"https:\/\/livingmarbella.hu\/wp-content\/uploads\/2024\/07\/APARTMENT-11.webp\" class=\"img-responsive rem-f-image wp-post-image\" alt=\"\" data-pid=\"1339\" srcset=\"https:\/\/livingmarbella.hu\/wp-content\/uploads\/2024\/07\/APARTMENT-11.webp 1920w, https:\/\/livingmarbella.hu\/wp-content\/uploads\/2024\/07\/APARTMENT-11-300x169.webp 300w, https:\/\/livingmarbella.hu\/wp-content\/uploads\/2024\/07\/APARTMENT-11-1024x576.webp 1024w, https:\/\/livingmarbella.hu\/wp-content\/uploads\/2024\/07\/APARTMENT-11-768x432.webp 768w, https:\/\/livingmarbella.hu\/wp-content\/uploads\/2024\/07\/APARTMENT-11-1536x864.webp 1536w, https:\/\/livingmarbella.hu\/wp-content\/uploads\/2024\/07\/APARTMENT-11-1390x782.webp 1390w\" sizes=\"(max-width: 1920px) 100vw, 1920px\" \/>        <\/a>\n    <\/div>\n\n    <div class=\"content-container\">\n        <a target=\"\" href=\"https:\/\/livingmarbella.hu\/pl\/wlasnosc\/hn3\/\">\n            <h2 class=\"property-title\">HN3<\/h2> \n        <\/a>\n        <p class=\"property-price\">\n                           <span class=\"price\"><span class=\"rem-price-amount\"><span class=\"rem-currency-symbol\">\u20ac<\/span>1,155,000.00<\/span><\/span> \n                        \n        <\/p>\n        <p class=\"property-excerpt\">\n            Ez az \u00e9p\u00edt\u00e9szetileg \u00e9s ingatlanpiacilag is egyed\u00fcl\u00e1ll\u00f3 projekt Fuengirola ter\u00fclet\u00e9n&hellip;        <\/p>\n\n                    <div class=\"detail inline-property-icons\">\n                                                                                                                                <span title=\"Pokoje\" class=\"rem-info\">\n                                    <i class=\"fa fa-bed\"><\/i> &nbsp;\n                                    2                                <\/span>\n                                                                                                                                                                            <\/div>\n        \n        <div class=\"content-footer\">\n            <div class=\"agent-info\">\n                <img decoding=\"async\" src=\"https:\/\/livingmarbella.hu\/wp-content\/uploads\/2024\/06\/UDVARNOKI_VIKTORIA_24_03_15650-1-1.webp\"><a target=\"\" href=\"https:\/\/livingmarbella.hu\/pl\/author\/viki\/?property_id=1339\"><span class=\"agent-name\">Skontaktuj si\u0119 z nami, aby uzyska\u0107 plany pi\u0119ter i wi\u0119cej szczeg\u00f3\u0142\u00f3w!<\/span><\/a>            <\/div>\n            <div class=\"icons-wrap\">\n                                <ul>\n                    <li>\n                        <a title=\"Szczeg\u00f3\u0142y\" target=\"\" href=\"https:\/\/livingmarbella.hu\/pl\/wlasnosc\/hn3\/\">\n                            <i class=\"fa fa-share\"><\/i>\n                        <\/a>\n                    <\/li>\n                                                        <\/ul>\n                        <\/div>\n            <div class=\"clearfix\"><\/div>\n        <\/div>\n    <\/div>\n    <div class=\"clearfix\"><\/div>\n<\/div><\/div><div id=\"property-1376\"  class=\"col-sm-12 m-item post-1376 rem_property type-rem_property status-publish has-post-thumbnail hentry grve-entry-item\"><div class=\"rem-style-1 rem-property-box\">\n    <div class=\"img-container\">\n        <a target=\"\" href=\"https:\/\/livingmarbella.hu\/pl\/wlasnosc\/ah3\/\">\n                                    <span class=\"address-text\">\n                <i class=\"fa fa-map-marker-alt\"><\/i>\n                            <\/span>\n            <span class=\"images-text\">\n                <i class=\"fa fa-camera\"><\/i>\n                9            <\/span>\n            <img loading=\"lazy\" decoding=\"async\" width=\"1920\" height=\"1439\" src=\"https:\/\/livingmarbella.hu\/wp-content\/uploads\/2024\/07\/A6.1_Almazara-Hills_apartments_Istan_Marbella_facade-1.webp\" class=\"img-responsive rem-f-image wp-post-image\" alt=\"\" data-pid=\"1376\" srcset=\"https:\/\/livingmarbella.hu\/wp-content\/uploads\/2024\/07\/A6.1_Almazara-Hills_apartments_Istan_Marbella_facade-1.webp 1920w, https:\/\/livingmarbella.hu\/wp-content\/uploads\/2024\/07\/A6.1_Almazara-Hills_apartments_Istan_Marbella_facade-1-300x225.webp 300w, https:\/\/livingmarbella.hu\/wp-content\/uploads\/2024\/07\/A6.1_Almazara-Hills_apartments_Istan_Marbella_facade-1-1024x767.webp 1024w, https:\/\/livingmarbella.hu\/wp-content\/uploads\/2024\/07\/A6.1_Almazara-Hills_apartments_Istan_Marbella_facade-1-768x576.webp 768w, https:\/\/livingmarbella.hu\/wp-content\/uploads\/2024\/07\/A6.1_Almazara-Hills_apartments_Istan_Marbella_facade-1-1536x1151.webp 1536w, https:\/\/livingmarbella.hu\/wp-content\/uploads\/2024\/07\/A6.1_Almazara-Hills_apartments_Istan_Marbella_facade-1-560x420.webp 560w, https:\/\/livingmarbella.hu\/wp-content\/uploads\/2024\/07\/A6.1_Almazara-Hills_apartments_Istan_Marbella_facade-1-900x675.webp 900w\" sizes=\"(max-width: 1920px) 100vw, 1920px\" \/>        <\/a>\n    <\/div>\n\n    <div class=\"content-container\">\n        <a target=\"\" href=\"https:\/\/livingmarbella.hu\/pl\/wlasnosc\/ah3\/\">\n            <h2 class=\"property-title\">AH3<\/h2> \n        <\/a>\n        <p class=\"property-price\">\n                           <span class=\"price\"><span class=\"rem-price-amount\"><span class=\"rem-currency-symbol\">\u20ac<\/span>396,000.00<\/span><\/span> \n                        \n        <\/p>\n        <p class=\"property-excerpt\">\n            Ten nowy projekt na zboczu g\u00f3ry La Concha, w...        <\/p>\n\n                    <div class=\"detail inline-property-icons\">\n                                                                                                                                <span title=\"Pokoje\" class=\"rem-info\">\n                                    <i class=\"fa fa-bed\"><\/i> &nbsp;\n                                    2-3                                <\/span>\n                                                                                                                                                                            <\/div>\n        \n        <div class=\"content-footer\">\n            <div class=\"agent-info\">\n                <img decoding=\"async\" src=\"https:\/\/livingmarbella.hu\/wp-content\/uploads\/2024\/06\/UDVARNOKI_VIKTORIA_24_03_15650-1-1.webp\"><a target=\"\" href=\"https:\/\/livingmarbella.hu\/pl\/author\/viki\/?property_id=1376\"><span class=\"agent-name\">Skontaktuj si\u0119 z nami, aby uzyska\u0107 plany pi\u0119ter i wi\u0119cej szczeg\u00f3\u0142\u00f3w!<\/span><\/a>            <\/div>\n            <div class=\"icons-wrap\">\n                                <ul>\n                    <li>\n                        <a title=\"Szczeg\u00f3\u0142y\" target=\"\" href=\"https:\/\/livingmarbella.hu\/pl\/wlasnosc\/ah3\/\">\n                            <i class=\"fa fa-share\"><\/i>\n                        <\/a>\n                    <\/li>\n                                                        <\/ul>\n                        <\/div>\n            <div class=\"clearfix\"><\/div>\n        <\/div>\n    <\/div>\n    <div class=\"clearfix\"><\/div>\n<\/div><\/div><div id=\"property-1389\"  class=\"col-sm-12 m-item post-1389 rem_property type-rem_property status-publish has-post-thumbnail hentry grve-entry-item\"><div class=\"rem-style-1 rem-property-box\">\n    <div class=\"img-container\">\n        <a target=\"\" href=\"https:\/\/livingmarbella.hu\/pl\/wlasnosc\/aa4\/\">\n                                    <span class=\"address-text\">\n                <i class=\"fa fa-map-marker-alt\"><\/i>\n                            <\/span>\n            <span class=\"images-text\">\n                <i class=\"fa fa-camera\"><\/i>\n                10            <\/span>\n            <img loading=\"lazy\" decoding=\"async\" width=\"1920\" height=\"1080\" src=\"https:\/\/livingmarbella.hu\/wp-content\/uploads\/2024\/07\/Aedas-Australy-Cam2B-00001.webp\" class=\"img-responsive rem-f-image wp-post-image\" alt=\"\" data-pid=\"1389\" srcset=\"https:\/\/livingmarbella.hu\/wp-content\/uploads\/2024\/07\/Aedas-Australy-Cam2B-00001.webp 1920w, https:\/\/livingmarbella.hu\/wp-content\/uploads\/2024\/07\/Aedas-Australy-Cam2B-00001-300x169.webp 300w, https:\/\/livingmarbella.hu\/wp-content\/uploads\/2024\/07\/Aedas-Australy-Cam2B-00001-1024x576.webp 1024w, https:\/\/livingmarbella.hu\/wp-content\/uploads\/2024\/07\/Aedas-Australy-Cam2B-00001-768x432.webp 768w, https:\/\/livingmarbella.hu\/wp-content\/uploads\/2024\/07\/Aedas-Australy-Cam2B-00001-1536x864.webp 1536w, https:\/\/livingmarbella.hu\/wp-content\/uploads\/2024\/07\/Aedas-Australy-Cam2B-00001-1390x782.webp 1390w\" sizes=\"(max-width: 1920px) 100vw, 1920px\" \/>        <\/a>\n    <\/div>\n\n    <div class=\"content-container\">\n        <a target=\"\" href=\"https:\/\/livingmarbella.hu\/pl\/wlasnosc\/aa4\/\">\n            <h2 class=\"property-title\">AA4<\/h2> \n        <\/a>\n        <p class=\"property-price\">\n                           <span class=\"price\"><span class=\"rem-price-amount\"><span class=\"rem-currency-symbol\">\u20ac<\/span>624,500.00<\/span><\/span> \n                        \n        <\/p>\n        <p class=\"property-excerpt\">\n            Idealne po\u0142\u0105czenie blisko\u015bci natury i infrastruktury,...        <\/p>\n\n                    <div class=\"detail inline-property-icons\">\n                                                                                                                                <span title=\"Pokoje\" class=\"rem-info\">\n                                    <i class=\"fa fa-bed\"><\/i> &nbsp;\n                                    2-4                                <\/span>\n                                                                                                                                                                            <\/div>\n        \n        <div class=\"content-footer\">\n            <div class=\"agent-info\">\n                <img decoding=\"async\" src=\"https:\/\/livingmarbella.hu\/wp-content\/uploads\/2024\/06\/UDVARNOKI_VIKTORIA_24_03_15650-1-1.webp\"><a target=\"\" href=\"https:\/\/livingmarbella.hu\/pl\/author\/viki\/?property_id=1389\"><span class=\"agent-name\">Skontaktuj si\u0119 z nami, aby uzyska\u0107 plany pi\u0119ter i wi\u0119cej szczeg\u00f3\u0142\u00f3w!<\/span><\/a>            <\/div>\n            <div class=\"icons-wrap\">\n                                <ul>\n                    <li>\n                        <a title=\"Szczeg\u00f3\u0142y\" target=\"\" href=\"https:\/\/livingmarbella.hu\/pl\/wlasnosc\/aa4\/\">\n                            <i class=\"fa fa-share\"><\/i>\n                        <\/a>\n                    <\/li>\n                                                        <\/ul>\n                        <\/div>\n            <div class=\"clearfix\"><\/div>\n        <\/div>\n    <\/div>\n    <div class=\"clearfix\"><\/div>\n<\/div><\/div><div id=\"property-1407\"  class=\"col-sm-12 m-item post-1407 rem_property type-rem_property status-publish has-post-thumbnail hentry grve-entry-item\"><div class=\"rem-style-1 rem-property-box\">\n    <div class=\"img-container\">\n        <a target=\"\" href=\"https:\/\/livingmarbella.hu\/pl\/wlasnosc\/b3\/\">\n                                    <span class=\"address-text\">\n                <i class=\"fa fa-map-marker-alt\"><\/i>\n                            <\/span>\n            <span class=\"images-text\">\n                <i class=\"fa fa-camera\"><\/i>\n                9            <\/span>\n            <img loading=\"lazy\" decoding=\"async\" width=\"1920\" height=\"1080\" src=\"https:\/\/livingmarbella.hu\/wp-content\/uploads\/2024\/07\/download-10.webp\" class=\"img-responsive rem-f-image wp-post-image\" alt=\"\" data-pid=\"1407\" srcset=\"https:\/\/livingmarbella.hu\/wp-content\/uploads\/2024\/07\/download-10.webp 1920w, https:\/\/livingmarbella.hu\/wp-content\/uploads\/2024\/07\/download-10-300x169.webp 300w, https:\/\/livingmarbella.hu\/wp-content\/uploads\/2024\/07\/download-10-1024x576.webp 1024w, https:\/\/livingmarbella.hu\/wp-content\/uploads\/2024\/07\/download-10-768x432.webp 768w, https:\/\/livingmarbella.hu\/wp-content\/uploads\/2024\/07\/download-10-1536x864.webp 1536w, https:\/\/livingmarbella.hu\/wp-content\/uploads\/2024\/07\/download-10-1390x782.webp 1390w\" sizes=\"(max-width: 1920px) 100vw, 1920px\" \/>        <\/a>\n    <\/div>\n\n    <div class=\"content-container\">\n        <a target=\"\" href=\"https:\/\/livingmarbella.hu\/pl\/wlasnosc\/b3\/\">\n            <h2 class=\"property-title\">B3<\/h2> \n        <\/a>\n        <p class=\"property-price\">\n                           <span class=\"price\"><span class=\"rem-price-amount\"><span class=\"rem-currency-symbol\">\u20ac<\/span>400,400.00<\/span><\/span> \n                        \n        <\/p>\n        <p class=\"property-excerpt\">\n            Wspania\u0142e widoki, wysoka jako\u015b\u0107 i przyst\u0119pne ceny! Ten projekt...        <\/p>\n\n                    <div class=\"detail inline-property-icons\">\n                                                                                                                                <span title=\"Pokoje\" class=\"rem-info\">\n                                    <i class=\"fa fa-bed\"><\/i> &nbsp;\n                                    2-3                                <\/span>\n                                                                                                                                                                            <\/div>\n        \n        <div class=\"content-footer\">\n            <div class=\"agent-info\">\n                <img decoding=\"async\" src=\"https:\/\/livingmarbella.hu\/wp-content\/uploads\/2024\/06\/UDVARNOKI_VIKTORIA_24_03_15650-1-1.webp\"><a target=\"\" href=\"https:\/\/livingmarbella.hu\/pl\/author\/viki\/?property_id=1407\"><span class=\"agent-name\">Skontaktuj si\u0119 z nami, aby uzyska\u0107 plany pi\u0119ter i wi\u0119cej szczeg\u00f3\u0142\u00f3w!<\/span><\/a>            <\/div>\n            <div class=\"icons-wrap\">\n                                <ul>\n                    <li>\n                        <a title=\"Szczeg\u00f3\u0142y\" target=\"\" href=\"https:\/\/livingmarbella.hu\/pl\/wlasnosc\/b3\/\">\n                            <i class=\"fa fa-share\"><\/i>\n                        <\/a>\n                    <\/li>\n                                                        <\/ul>\n                        <\/div>\n            <div class=\"clearfix\"><\/div>\n        <\/div>\n    <\/div>\n    <div class=\"clearfix\"><\/div>\n<\/div><\/div><div id=\"property-1419\"  class=\"col-sm-12 m-item post-1419 rem_property type-rem_property status-publish has-post-thumbnail hentry grve-entry-item\"><div class=\"rem-style-1 rem-property-box\">\n    <div class=\"img-container\">\n        <a target=\"\" href=\"https:\/\/livingmarbella.hu\/pl\/wlasnosc\/b4\/\">\n                                    <span class=\"address-text\">\n                <i class=\"fa fa-map-marker-alt\"><\/i>\n                            <\/span>\n            <span class=\"images-text\">\n                <i class=\"fa fa-camera\"><\/i>\n                12            <\/span>\n            <img loading=\"lazy\" decoding=\"async\" width=\"1920\" height=\"1038\" src=\"https:\/\/livingmarbella.hu\/wp-content\/uploads\/2024\/07\/Bali2_FachadaDerecha_fase-2-M35.webp\" class=\"img-responsive rem-f-image wp-post-image\" alt=\"\" data-pid=\"1419\" srcset=\"https:\/\/livingmarbella.hu\/wp-content\/uploads\/2024\/07\/Bali2_FachadaDerecha_fase-2-M35.webp 1920w, https:\/\/livingmarbella.hu\/wp-content\/uploads\/2024\/07\/Bali2_FachadaDerecha_fase-2-M35-300x162.webp 300w, https:\/\/livingmarbella.hu\/wp-content\/uploads\/2024\/07\/Bali2_FachadaDerecha_fase-2-M35-1024x554.webp 1024w, https:\/\/livingmarbella.hu\/wp-content\/uploads\/2024\/07\/Bali2_FachadaDerecha_fase-2-M35-768x415.webp 768w, https:\/\/livingmarbella.hu\/wp-content\/uploads\/2024\/07\/Bali2_FachadaDerecha_fase-2-M35-1536x830.webp 1536w\" sizes=\"(max-width: 1920px) 100vw, 1920px\" \/>        <\/a>\n    <\/div>\n\n    <div class=\"content-container\">\n        <a target=\"\" href=\"https:\/\/livingmarbella.hu\/pl\/wlasnosc\/b4\/\">\n            <h2 class=\"property-title\">B4<\/h2> \n        <\/a>\n        <p class=\"property-price\">\n                           <span class=\"price\"><span class=\"rem-price-amount\"><span class=\"rem-currency-symbol\">\u20ac<\/span>418,000.00<\/span><\/span> \n                        \n        <\/p>\n        <p class=\"property-excerpt\">\n            Kochasz Malag\u0119, ale nie chcesz mieszka\u0107 w centrum miasta? Rinc\u00f3n de...        <\/p>\n\n                    <div class=\"detail inline-property-icons\">\n                                                                                                                                <span title=\"Pokoje\" class=\"rem-info\">\n                                    <i class=\"fa fa-bed\"><\/i> &nbsp;\n                                    2-3                                <\/span>\n                                                                                                                                                                            <\/div>\n        \n        <div class=\"content-footer\">\n            <div class=\"agent-info\">\n                <img decoding=\"async\" src=\"https:\/\/livingmarbella.hu\/wp-content\/uploads\/2024\/06\/UDVARNOKI_VIKTORIA_24_03_15650-1-1.webp\"><a target=\"\" href=\"https:\/\/livingmarbella.hu\/pl\/author\/viki\/?property_id=1419\"><span class=\"agent-name\">Skontaktuj si\u0119 z nami, aby uzyska\u0107 plany pi\u0119ter i wi\u0119cej szczeg\u00f3\u0142\u00f3w!<\/span><\/a>            <\/div>\n            <div class=\"icons-wrap\">\n                                <ul>\n                    <li>\n                        <a title=\"Szczeg\u00f3\u0142y\" target=\"\" href=\"https:\/\/livingmarbella.hu\/pl\/wlasnosc\/b4\/\">\n                            <i class=\"fa fa-share\"><\/i>\n                        <\/a>\n                    <\/li>\n                                                        <\/ul>\n                        <\/div>\n            <div class=\"clearfix\"><\/div>\n        <\/div>\n    <\/div>\n    <div class=\"clearfix\"><\/div>\n<\/div><\/div><div id=\"property-1435\"  class=\"col-sm-12 m-item post-1435 rem_property type-rem_property status-publish has-post-thumbnail hentry grve-entry-item\"><div class=\"rem-style-1 rem-property-box\">\n    <div class=\"img-container\">\n        <a target=\"\" href=\"https:\/\/livingmarbella.hu\/pl\/wlasnosc\/bh3\/\">\n                                    <span class=\"address-text\">\n                <i class=\"fa fa-map-marker-alt\"><\/i>\n                            <\/span>\n            <span class=\"images-text\">\n                <i class=\"fa fa-camera\"><\/i>\n                8            <\/span>\n            <img loading=\"lazy\" decoding=\"async\" width=\"1920\" height=\"1080\" src=\"https:\/\/livingmarbella.hu\/wp-content\/uploads\/2024\/07\/Bayside_Exteriores_v4_web.webp\" class=\"img-responsive rem-f-image wp-post-image\" alt=\"\" data-pid=\"1435\" srcset=\"https:\/\/livingmarbella.hu\/wp-content\/uploads\/2024\/07\/Bayside_Exteriores_v4_web.webp 1920w, https:\/\/livingmarbella.hu\/wp-content\/uploads\/2024\/07\/Bayside_Exteriores_v4_web-300x169.webp 300w, https:\/\/livingmarbella.hu\/wp-content\/uploads\/2024\/07\/Bayside_Exteriores_v4_web-1024x576.webp 1024w, https:\/\/livingmarbella.hu\/wp-content\/uploads\/2024\/07\/Bayside_Exteriores_v4_web-768x432.webp 768w, https:\/\/livingmarbella.hu\/wp-content\/uploads\/2024\/07\/Bayside_Exteriores_v4_web-1536x864.webp 1536w, https:\/\/livingmarbella.hu\/wp-content\/uploads\/2024\/07\/Bayside_Exteriores_v4_web-1390x782.webp 1390w\" sizes=\"(max-width: 1920px) 100vw, 1920px\" \/>        <\/a>\n    <\/div>\n\n    <div class=\"content-container\">\n        <a target=\"\" href=\"https:\/\/livingmarbella.hu\/pl\/wlasnosc\/bh3\/\">\n            <h2 class=\"property-title\">BH3<\/h2> \n        <\/a>\n        <p class=\"property-price\">\n                           <span class=\"price\"><span class=\"rem-price-amount\"><span class=\"rem-currency-symbol\">\u20ac<\/span>437,800.00<\/span><\/span> \n                        \n        <\/p>\n        <p class=\"property-excerpt\">\n            Je\u015bli szukasz doskona\u0142ej lokalizacji i przyjaznego \u015brodowiska do \u017cycia, znalaz\u0142e\u015b to! Estepona jest tylko...        <\/p>\n\n                    <div class=\"detail inline-property-icons\">\n                                                                                                                                <span title=\"Pokoje\" class=\"rem-info\">\n                                    <i class=\"fa fa-bed\"><\/i> &nbsp;\n                                    2-3                                <\/span>\n                                                                                                                                                                            <\/div>\n        \n        <div class=\"content-footer\">\n            <div class=\"agent-info\">\n                <img decoding=\"async\" src=\"https:\/\/livingmarbella.hu\/wp-content\/uploads\/2024\/06\/UDVARNOKI_VIKTORIA_24_03_15650-1-1.webp\"><a target=\"\" href=\"https:\/\/livingmarbella.hu\/pl\/author\/viki\/?property_id=1435\"><span class=\"agent-name\">Skontaktuj si\u0119 z nami, aby uzyska\u0107 plany pi\u0119ter i wi\u0119cej szczeg\u00f3\u0142\u00f3w!<\/span><\/a>            <\/div>\n            <div class=\"icons-wrap\">\n                                <ul>\n                    <li>\n                        <a title=\"Szczeg\u00f3\u0142y\" target=\"\" href=\"https:\/\/livingmarbella.hu\/pl\/wlasnosc\/bh3\/\">\n                            <i class=\"fa fa-share\"><\/i>\n                        <\/a>\n                    <\/li>\n                                                        <\/ul>\n                        <\/div>\n            <div class=\"clearfix\"><\/div>\n        <\/div>\n    <\/div>\n    <div class=\"clearfix\"><\/div>\n<\/div><\/div><\/div><div class=\"text-center rem-pagination-wrap\"><ul class='page-numbers'>\n\t<li><span aria-current=\"page\" class=\"page-numbers current\">1<\/span><\/li>\n\t<li><a class=\"page-numbers\" href=\"https:\/\/livingmarbella.hu\/wp-json\/wp\/v2\/pages\/1222\/page\/2\/\">2<\/a><\/li>\n\t<li><span class=\"page-numbers dots\">&hellip;<\/span><\/li>\n\t<li><a class=\"page-numbers\" href=\"https:\/\/livingmarbella.hu\/wp-json\/wp\/v2\/pages\/1222\/page\/5\/\">5<\/a><\/li>\n\t<li><a class=\"next page-numbers\" href=\"https:\/\/livingmarbella.hu\/wp-json\/wp\/v2\/pages\/1222\/page\/2\/\">\u00bb<\/a><\/li>\n<\/ul>\n<\/div>\t<\/div>","protected":false},"excerpt":{"rendered":"","protected":false},"author":1,"featured_media":0,"parent":0,"menu_order":0,"comment_status":"closed","ping_status":"closed","template":"","meta":{"inline_featured_image":false,"_monsterinsights_skip_tracking":false,"_monsterinsights_sitenote_active":false,"_monsterinsights_sitenote_note":"","_monsterinsights_sitenote_category":0,"footnotes":""},"class_list":["post-1222","page","type-page","status-publish","hentry","grve-entry-item"],"_links":{"self":[{"href":"https:\/\/livingmarbella.hu\/pl\/wp-json\/wp\/v2\/pages\/1222","targetHints":{"allow":["GET"]}}],"collection":[{"href":"https:\/\/livingmarbella.hu\/pl\/wp-json\/wp\/v2\/pages"}],"about":[{"href":"https:\/\/livingmarbella.hu\/pl\/wp-json\/wp\/v2\/types\/page"}],"author":[{"embeddable":true,"href":"https:\/\/livingmarbella.hu\/pl\/wp-json\/wp\/v2\/users\/1"}],"replies":[{"embeddable":true,"href":"https:\/\/livingmarbella.hu\/pl\/wp-json\/wp\/v2\/comments?post=1222"}],"version-history":[{"count":1,"href":"https:\/\/livingmarbella.hu\/pl\/wp-json\/wp\/v2\/pages\/1222\/revisions"}],"predecessor-version":[{"id":1223,"href":"https:\/\/livingmarbella.hu\/pl\/wp-json\/wp\/v2\/pages\/1222\/revisions\/1223"}],"wp:attachment":[{"href":"https:\/\/livingmarbella.hu\/pl\/wp-json\/wp\/v2\/media?parent=1222"}],"curies":[{"name":"wp","href":"https:\/\/api.w.org\/{rel}","templated":true}]}}