{"id":1643,"date":"2024-07-29T11:22:55","date_gmt":"2024-07-29T11:22:55","guid":{"rendered":"https:\/\/livingmarbella.hu\/?post_type=rem_property&#038;p=1643"},"modified":"2025-08-13T14:21:18","modified_gmt":"2025-08-13T14:21:18","slug":"mr","status":"publish","type":"rem_property","link":"https:\/\/livingmarbella.hu\/en\/property\/mr\/","title":{"rendered":"MR4"},"content":{"rendered":"<p>Imagine arriving at the airport and within just 15 minutes being able to enjoy the sea view from your comfortable apartment. Do you like the idea? This is a project consisting of 49 apartments and 2 townhouses in a picturesque area of Benalm\u00e1dena, only 15 km from M\u00e1laga. Its special feature is that, thanks to the position of the plot, every apartment as well as the swimming pool offers stunning panoramic views of the city and the Mediterranean Sea. Due to the sloping location, spacious terraces have been created, and thanks to the large glass surfaces, the apartments\u2019 interior spaces also enjoy outstanding natural light.<\/p>\n<p>&nbsp;<\/p>\n<ul>\n<li>Number of apartments: 51<\/li>\n<li>Starting prices: 2-3 bedroom apartment from EUR 507.100*<\/li>\n<li>Distance from the beach: 3,5 km<\/li>\n<li>Delivery: quarter III 2025<\/li>\n<li>Distance from Malaga airport: 15 km<\/li>\n<li>Extras:\n<ul>\n<li>pool<\/li>\n<li>gym<\/li>\n<li>sea panorama<\/li>\n<\/ul>\n<\/li>\n<\/ul>\n<p>&nbsp;<\/p>\n<p>Location:<\/p>\n<p><img fetchpriority=\"high\" decoding=\"async\" class=\"alignnone size-medium wp-image-1654\" src=\"https:\/\/livingmarbella.hu\/wp-content\/uploads\/2024\/07\/MR-300x180.webp\" alt=\"\" width=\"300\" height=\"180\" srcset=\"https:\/\/livingmarbella.hu\/wp-content\/uploads\/2024\/07\/MR-300x180.webp 300w, https:\/\/livingmarbella.hu\/wp-content\/uploads\/2024\/07\/MR-1024x613.webp 1024w, https:\/\/livingmarbella.hu\/wp-content\/uploads\/2024\/07\/MR-768x460.webp 768w, https:\/\/livingmarbella.hu\/wp-content\/uploads\/2024\/07\/MR.webp 1272w\" sizes=\"(max-width: 300px) 100vw, 300px\" \/><\/p>","protected":false},"excerpt":{"rendered":"<p>K\u00e9pzelje el, hogy meg\u00e9rkezik a rept\u00e9rre \u00e9s m\u00e1r 15perc alatt a k\u00e9nyelmes lak\u00e1s\u00e1b\u00f3l n\u00e9zheti a tengert! Tetszik a gondolat? Ez egy 49 lak\u00e1sb\u00f3l \u00e9s 2 sorh\u00e1zb\u00f3l \u00e1ll\u00f3 projekt Benalmadena fest\u0151i r\u00e9sz\u00e9n, Malag\u00e1t\u00f3l mind\u00f6ssze 15 km-re. K\u00fcl\u00f6nlegess\u00e9ge, hogy a telek fekv\u00e9s\u00e9nek k\u00f6sz\u00f6nhet\u0151en minden lak\u00e1sb\u00f3l \u00e9s a medenc\u00e9b\u0151l is leny\u0171g\u00f6z\u0151 panor\u00e1ma ny\u00edlik a v\u00e1rosra \u00e9s a F\u00f6ldk\u00f6zi-tengerre. [&hellip;]<\/p>","protected":false},"author":2,"featured_media":1653,"parent":0,"menu_order":0,"template":"","rem_property_cat":[],"class_list":["post-1643","rem_property","type-rem_property","status-publish","has-post-thumbnail","hentry","grve-entry-item"],"_links":{"self":[{"href":"https:\/\/livingmarbella.hu\/en\/wp-json\/wp\/v2\/properties\/1643","targetHints":{"allow":["GET"]}}],"collection":[{"href":"https:\/\/livingmarbella.hu\/en\/wp-json\/wp\/v2\/properties"}],"about":[{"href":"https:\/\/livingmarbella.hu\/en\/wp-json\/wp\/v2\/types\/rem_property"}],"author":[{"embeddable":true,"href":"https:\/\/livingmarbella.hu\/en\/wp-json\/wp\/v2\/users\/2"}],"wp:featuredmedia":[{"embeddable":true,"href":"https:\/\/livingmarbella.hu\/en\/wp-json\/wp\/v2\/media\/1653"}],"wp:attachment":[{"href":"https:\/\/livingmarbella.hu\/en\/wp-json\/wp\/v2\/media?parent=1643"}],"wp:term":[{"taxonomy":"rem_property_cat","embeddable":true,"href":"https:\/\/livingmarbella.hu\/en\/wp-json\/wp\/v2\/rem_property_cat?post=1643"}],"curies":[{"name":"wp","href":"https:\/\/api.w.org\/{rel}","templated":true}]}}